
{"id":3365,"date":"2021-12-16T11:27:53","date_gmt":"2021-12-16T11:27:53","guid":{"rendered":"https:\/\/staging.novelis.io\/?post_type=events&#038;p=3365"},"modified":"2022-02-25T10:05:25","modified_gmt":"2022-02-25T10:05:25","slug":"forum-carrieres-novelis-part-a-la-rencontre-des-eleves-ingenieurs-de-lece","status":"publish","type":"events","link":"https:\/\/novelis.io\/fr\/events\/forum-carrieres-novelis-part-a-la-rencontre-des-eleves-ingenieurs-de-lece\/","title":{"rendered":"Forum Carri\u00e8res \u2013 Novelis part \u00e0 la rencontre des \u00e9l\u00e8ves ing\u00e9nieurs de l\u2019ECE"},"content":{"rendered":"\n<p>C\u2019est le 09 novembre 2021 au NEWCAP Event Center, \u00e0 quelques pas de l\u2019\u00e9cole, que se tiendra la 8<sup>\u00e8me<\/sup>&nbsp;\u00e9dition du Forum Carri\u00e8res de l\u2019\u00e9cole d\u2019ing\u00e9nieurs&nbsp;<a href=\"https:\/\/www.ece.fr\/ecole-ingenieur\/\" target=\"_blank\" rel=\"noopener\">ECE \u2013 Ecole Centrale d\u2019Electronique Paris \u2013 Lyon<\/a>. Cette ann\u00e9e le forum se tiendra en mode hybride : il y aura donc une partie virtuelle les 16, 17 et 18 novembre 2021.<\/p>\n\n\n\n<div style=\"height:29px\" aria-hidden=\"true\" class=\"wp-block-spacer\"><\/div>\n\n\n\n<p>La mission de l\u2019ECE, \u00e9cole centenaire des technologies num\u00e9riques, est de former des ing\u00e9nieurs g\u00e9n\u00e9ralistes et high-tech, ayant l\u2019expertise des grands secteurs d\u2019activit\u00e9, poss\u00e9dant une solide base scientifique pour s\u2019adapter au futur technologique, sachant appr\u00e9hender les r\u00e9alit\u00e9s \u00e9conomiques et capables d\u2019\u00e9voluer efficacement dans les entreprises et les organisations, dans un contexte national et international. Elle d\u00e9livre chaque ann\u00e9e le titre d\u2019ing\u00e9nieur \u00e0 des \u00ab&nbsp;jeunes talents high-tech&nbsp;\u00bb venant de 8 majeures technologiques diff\u00e9rentes et empruntant des trajectoires professionnelles tr\u00e8s diverses&nbsp;:<\/p>\n\n\n\n<ul class=\"wp-block-list\"><li>IA et objets connect\u00e9s<\/li><li>Cyber s\u00e9curit\u00e9<\/li><li>Data science<\/li><li>Finance et ing\u00e9nierie quantitative<\/li><li>Sant\u00e9 et technologie<\/li><li>Nouvelles \u00e9nergies et environnement<\/li><li>A\u00e9ronautique<\/li><li>V\u00e9hicule connect\u00e9 autonome<\/li><\/ul>\n\n\n\n<p>Cette ann\u00e9e encore, plus de 1 000 \u00e9tudiants participeront au Forum Carri\u00e8res ECE, \u00e0 la recherche du stage de leur r\u00eave. Les \u00e9quipes Novelis, repr\u00e9sent\u00e9es par\u00a0<a href=\"https:\/\/www.linkedin.com\/in\/olivierchosson\/\" target=\"_blank\" rel=\"noopener\">Olivier Chosson<\/a>, Directeur des Op\u00e9rations,\u00a0<a href=\"https:\/\/www.linkedin.com\/in\/linda-mefidene\/\" target=\"_blank\" rel=\"noopener\">Linda Mefidene<\/a>, Responsable RH et\u00a0<a href=\"https:\/\/www.linkedin.com\/in\/medinabelkhedra\/\" target=\"_blank\" rel=\"noopener\">Medina Belkhedra<\/a>, Charg\u00e9e des Ressources Humaines, seront pr\u00e9sentes sur le Forum pour pr\u00e9senter les opportunit\u00e9s de carri\u00e8re chez Novelis et proposer aux \u00e9l\u00e8ves ing\u00e9nieurs de l\u2019\u00e9cole deux <a href=\"https:\/\/novelis.io\/fr\/nous-rejoindre\/\">stages de fin d\u2019\u00e9tudes \/ pr\u00e9 embauche<\/a> :<\/p>\n\n\n\n<ul class=\"wp-block-list\"><li><a href=\"https:\/\/www.welcometothejungle.com\/fr\/companies\/novelis\/jobs\/ingenieur-d-etudes-et-developpement_paris\" target=\"_blank\" rel=\"noopener\">Ing\u00e9nieur d\u2019\u00e9tudes et d\u00e9veloppement&nbsp;<\/a><\/li><\/ul>\n\n\n\n<p>Nos ing\u00e9nieurs d\u2019\u00e9tudes et d\u00e9veloppement sont amen\u00e9s \u00e0 intervenir pour la mise en place de nouvelles fonctionnalit\u00e9s m\u00e9tiers sur les produits commercialis\u00e9s par Novelis.<\/p>\n\n\n\n<p>Dans le cadre de ce stage, vous pourrez monter en comp\u00e9tences sur des sujets autour de l\u2019architecture et de l\u2019expertise technique et \u00eatre accompagn\u00e9 par des responsables techniques exp\u00e9riment\u00e9s. Devenir expert technique, chef de projet technique ou encore directeur de projet&nbsp;? Nous vous proposons un accompagnement personnalis\u00e9 dans votre \u00e9volution de carri\u00e8re.<\/p>\n\n\n\n<ul class=\"wp-block-list\"><li><a href=\"https:\/\/www.welcometothejungle.com\/fr\/companies\/novelis\/jobs\/ingenieur-r-d-innovation_paris\" target=\"_blank\" rel=\"noopener\">Ing\u00e9nieur R&amp;D \/ Innovation&nbsp;<\/a><\/li><\/ul>\n\n\n\n<p>Nos Ing\u00e9nieurs R&amp;D \/ Innovation travaillent au sein de notre&nbsp;<a href=\"https:\/\/novelis.io\/lab-novelis\/\">Laboratoire R&amp;D<\/a>&nbsp;sur notre programme de recherche \u00ab Smart-programming \u00bb. L\u2019objectif du programme est de transformer d\u2019une fa\u00e7on automatique et intelligente un document en langage humain, de type cahier des charges, en application Web finale pr\u00eate \u00e0 partir en production.<\/p>\n\n\n\n<p>Vous travaillerez sur des sujets d\u2019innovation autour de la Smart Automation (couplage IA et OCR) et sur des projets clients concrets. Vous aurez ainsi la possibilit\u00e9 d\u2019avoir un r\u00e9el impact et m\u00eame de publier vos travaux dans un dossier scientifique. Vous pourrez monter en comp\u00e9tences en Machine Learning et analyse de donn\u00e9es et devenir Data Scientist ou encore Lead Data Scientist.<\/p>\n\n\n\n<div style=\"height:29px\" aria-hidden=\"true\" class=\"wp-block-spacer\"><\/div>\n\n\n\n<h3 class=\"wp-block-heading\" id=\"quelques-mots-sur-le-forum\"><strong>Quelques mots sur le forum&nbsp;<\/strong><\/h3>\n\n\n\n<p>Les deux derni\u00e8res ann\u00e9es ont \u00e9t\u00e9 \u00e9prouvantes tant pour l\u2019\u00e9cole que pour les \u00e9l\u00e8ves, c\u2019est pourquoi cette ann\u00e9e l\u2019\u00e9quipe organisatrice de l\u2019ECE a d\u00e9cid\u00e9 de mettre les petits plats dans les grands en proposant tout au long de la journ\u00e9e des activit\u00e9s, jeux, ateliers sur des th\u00e9matiques m\u00e9tiers, RH, ou encore carri\u00e8res \u00e0 l\u2019international pour aller au-del\u00e0 de la simple rencontre \u00e9tudiants-entreprises.<\/p>\n\n\n\n<p>Quelques exemples&nbsp;:<\/p>\n\n\n\n<ul class=\"wp-block-list\"><li>Le jeu \u00ab&nbsp;5 tampons, 5 jobs&nbsp;\u00bb avec des lots haut de gamme \u00e0 gagner pour les \u00e9l\u00e8ves tels que des drones, des places pour un match dans une loge priv\u00e9e au Stade de France\u2026<\/li><li>Des ateliers mobilit\u00e9 internationale, m\u00e9tiers &amp; soft skills&nbsp;: \u00ab&nbsp;comment n\u00e9gocier ses conditions d\u2019embauche&nbsp;?&nbsp;\u00bb&nbsp;; \u00ab&nbsp;Refactoring d\u2019un composant ReactJS et d\u2019un contr\u00f4leur ExpressJS&nbsp;\u00bb\u2026<\/li><li>Un Corner Services &amp; Conseils aux \u00e9tudiants avec les stands de l\u2019Ambassade du Canada, Business France, Million Roads\u2026<\/li><li>Un studio photographe, une \u00e9quipe de tournage vid\u00e9o\u2026<\/li><\/ul>\n\n\n\n<blockquote class=\"wp-block-quote is-layout-flow wp-block-quote-is-layout-flow\"><p><em>\u00ab Le Forum Carri\u00e8res de l\u2019ECE a \u00e9t\u00e9 lanc\u00e9 en 2014 et il a plus que doubl\u00e9 le nombre d\u2019entreprises participantes en 8 ans. C\u2019est le rendez-vous incontournable annuel des entreprises avec les \u00e9l\u00e8ves de l\u2019ECE, \u00e9cole d\u2019ing\u00e9nieurs centenaire, class\u00e9e dans le top 10 des \u00e9cole d\u2019ing\u00e9nieurs en France.&nbsp;<\/em><em>Plus de 70 entreprises et organismes d\u2019Etat viennent rencontrer plus de 1000 \u00e9tudiants de l\u2019ECE, futurs ing\u00e9nieurs<\/em><em>,&nbsp;<\/em><em>en 5<sup>\u00e8me<\/sup>&nbsp;et 4<sup>\u00e8me<\/sup>&nbsp;ann\u00e9e. Plus de 700 offres de stage sont propos\u00e9s aux \u00e9l\u00e8ves. \u00bb&nbsp;<\/em><strong><a href=\"https:\/\/www.linkedin.com\/in\/albenagadjanova\/\" target=\"_blank\" rel=\"noopener\">Albena GADJANOVA<\/a><\/strong><strong>&nbsp;\u2013&nbsp;<\/strong><strong>Directrice Relations Entreprises &amp; Career Center, ECE.<\/strong><\/p><\/blockquote>\n\n\n\n<p>T\u00e9l\u00e9chargez notre&nbsp;<a href=\"https:\/\/novelis.io\/wp-content\/uploads\/2021\/10\/Plaquette-recrutement-Novelis.pdf\">plaquette recrutement<\/a>&nbsp;pour d\u00e9couvrir les opportunit\u00e9s professionnelles propos\u00e9es par Novelis.<\/p>\n\n\n\n<h4 class=\"wp-block-heading\">&nbsp;<\/h4>\n\n\n\n<h4 class=\"wp-block-heading\" id=\"retour-sur-cette-edition-2021-decouvrez-la-video-replay\"><strong>Retour sur cette \u00e9dition 2021, d\u00e9couvrez la vid\u00e9o replay !<\/strong><\/h4>\n","protected":false},"featured_media":2146,"template":"","categories":[26],"custom_tag":[157,154],"class_list":["post-3365","events","type-events","status-publish","has-post-thumbnail","hentry","category-evenement","custom_tag-ece-2","custom_tag-forum-tags-to-show-in-site-fr"],"acf":{"subtitle":"","dates":{"start":"11\/09\/2021 - 0:00","end":"","fuseaux_horaires":"Europe\/Paris"},"online":false,"address":{"name":"Paris","link":"https:\/\/www.google.com\/maps\/place\/ECE+Paris+Lyon\/@48.8517668,2.2842932,17z\/data=!3m1!4b1!4m5!3m4!1s0x47e6701b4f58251b:0x167f5a60fb94aa76!8m2!3d48.8517668!4d2.2864819?shorturl=1"},"logo":2158,"replay":"https:\/\/www.youtube.com\/watch?v=xpOwkFz1ru8","speakers":{"name":[{"ID":3695,"post_author":"4","post_date":"2022-02-02 14:34:08","post_date_gmt":"2022-02-02 14:34:08","post_content":"","post_title":"Medina Belkhedra","post_excerpt":"","post_status":"publish","comment_status":"closed","ping_status":"closed","post_password":"","post_name":"medina-belkhedra","to_ping":"","pinged":"","post_modified":"2022-02-16 13:12:14","post_modified_gmt":"2022-02-16 13:12:14","post_content_filtered":"","post_parent":0,"guid":"https:\/\/staging.novelis.io\/?post_type=collaborators&#038;p=3695","menu_order":28,"post_type":"collaborators","post_mime_type":"","comment_count":"0","filter":"raw"},{"ID":3716,"post_author":"4","post_date":"2022-02-02 13:39:27","post_date_gmt":"2022-02-02 13:39:27","post_content":"","post_title":"Linda Mefidene","post_excerpt":"","post_status":"publish","comment_status":"closed","ping_status":"closed","post_password":"","post_name":"linda-mefidene","to_ping":"","pinged":"","post_modified":"2022-02-16 13:23:54","post_modified_gmt":"2022-02-16 13:23:54","post_content_filtered":"","post_parent":0,"guid":"https:\/\/staging.novelis.io\/?post_type=collaborators&#038;p=3716","menu_order":35,"post_type":"collaborators","post_mime_type":"","comment_count":"0","filter":"raw"},{"ID":3728,"post_author":"4","post_date":"2022-01-31 13:00:11","post_date_gmt":"2022-01-31 13:00:11","post_content":"","post_title":"Olivier Chosson","post_excerpt":"","post_status":"publish","comment_status":"closed","ping_status":"closed","post_password":"","post_name":"olivier-chosson","to_ping":"","pinged":"","post_modified":"2024-10-01 09:16:11","post_modified_gmt":"2024-10-01 09:16:11","post_content_filtered":"","post_parent":0,"guid":"https:\/\/staging.novelis.io\/?post_type=collaborators&#038;p=3728","menu_order":40,"post_type":"collaborators","post_mime_type":"","comment_count":"0","filter":"raw"}],"descriptions":""},"show_inscription_form":false,"summary":"La 8\u00e8me \u00e9dition du Forum des Carri\u00e8res de l'ECE - Ecole Centrale d'Electronique Paris - Lyon aura lieu le 09 novembre 2021 au NEWCAP Event Center. Cette ann\u00e9e, le forum se d\u00e9roulera en mode hybride : il y aura une partie virtuelle les 16, 17 et 18 novembre 2021.","externel_link":""},"yoast_head":"<!-- This site is optimized with the Yoast SEO plugin v25.6 - https:\/\/yoast.com\/wordpress\/plugins\/seo\/ -->\n<title>Forum Carri\u00e8res \u2013 Novelis part \u00e0 la rencontre des \u00e9l\u00e8ves de l\u2019ECE<\/title>\n<meta name=\"description\" content=\"Novelis participe \u00e0 la 8\u00e8me\u00a0\u00e9dition du Forum Carri\u00e8res de l\u2019\u00e9cole d\u2019ing\u00e9nieurs\u00a0ECE \u2013 Ecole Centrale d\u2019Electronique Paris \u2013 Lyon\" \/>\n<meta name=\"robots\" content=\"index, follow, max-snippet:-1, max-image-preview:large, max-video-preview:-1\" \/>\n<link rel=\"canonical\" href=\"https:\/\/novelis.io\/fr\/events\/forum-carrieres-novelis-part-a-la-rencontre-des-eleves-ingenieurs-de-lece\/\" \/>\n<meta property=\"og:locale\" content=\"fr_FR\" \/>\n<meta property=\"og:type\" content=\"article\" \/>\n<meta property=\"og:title\" content=\"Forum Carri\u00e8res \u2013 Novelis part \u00e0 la rencontre des \u00e9l\u00e8ves de l\u2019ECE\" \/>\n<meta property=\"og:description\" content=\"Novelis participe \u00e0 la 8\u00e8me\u00a0\u00e9dition du Forum Carri\u00e8res de l\u2019\u00e9cole d\u2019ing\u00e9nieurs\u00a0ECE \u2013 Ecole Centrale d\u2019Electronique Paris \u2013 Lyon\" \/>\n<meta property=\"og:url\" content=\"https:\/\/novelis.io\/fr\/events\/forum-carrieres-novelis-part-a-la-rencontre-des-eleves-ingenieurs-de-lece\/\" \/>\n<meta property=\"og:site_name\" content=\"Novelis innovation\" \/>\n<meta property=\"article:publisher\" content=\"https:\/\/www.facebook.com\/novelis.io\" \/>\n<meta property=\"article:modified_time\" content=\"2022-02-25T10:05:25+00:00\" \/>\n<meta property=\"og:image\" content=\"https:\/\/novelis.io\/wp-content\/uploads\/2021\/12\/event-forum-ece.jpg\" \/>\n\t<meta property=\"og:image:width\" content=\"2480\" \/>\n\t<meta property=\"og:image:height\" content=\"1655\" \/>\n\t<meta property=\"og:image:type\" content=\"image\/jpeg\" \/>\n<meta name=\"twitter:card\" content=\"summary_large_image\" \/>\n<meta name=\"twitter:site\" content=\"@novelis_io\" \/>\n<meta name=\"twitter:label1\" content=\"Dur\u00e9e de lecture estim\u00e9e\" \/>\n\t<meta name=\"twitter:data1\" content=\"4 minutes\" \/>\n<script type=\"application\/ld+json\" class=\"yoast-schema-graph\">{\"@context\":\"https:\/\/schema.org\",\"@graph\":[{\"@type\":\"WebPage\",\"@id\":\"https:\/\/novelis.io\/fr\/events\/forum-carrieres-novelis-part-a-la-rencontre-des-eleves-ingenieurs-de-lece\/\",\"url\":\"https:\/\/novelis.io\/fr\/events\/forum-carrieres-novelis-part-a-la-rencontre-des-eleves-ingenieurs-de-lece\/\",\"name\":\"Forum Carri\u00e8res \u2013 Novelis part \u00e0 la rencontre des \u00e9l\u00e8ves de l\u2019ECE\",\"isPartOf\":{\"@id\":\"https:\/\/novelis.io\/fr\/#website\"},\"primaryImageOfPage\":{\"@id\":\"https:\/\/novelis.io\/fr\/events\/forum-carrieres-novelis-part-a-la-rencontre-des-eleves-ingenieurs-de-lece\/#primaryimage\"},\"image\":{\"@id\":\"https:\/\/novelis.io\/fr\/events\/forum-carrieres-novelis-part-a-la-rencontre-des-eleves-ingenieurs-de-lece\/#primaryimage\"},\"thumbnailUrl\":\"https:\/\/novelis.io\/wp-content\/uploads\/2021\/12\/event-forum-ece.jpg\",\"datePublished\":\"2021-12-16T11:27:53+00:00\",\"dateModified\":\"2022-02-25T10:05:25+00:00\",\"description\":\"Novelis participe \u00e0 la 8\u00e8me\u00a0\u00e9dition du Forum Carri\u00e8res de l\u2019\u00e9cole d\u2019ing\u00e9nieurs\u00a0ECE \u2013 Ecole Centrale d\u2019Electronique Paris \u2013 Lyon\",\"breadcrumb\":{\"@id\":\"https:\/\/novelis.io\/fr\/events\/forum-carrieres-novelis-part-a-la-rencontre-des-eleves-ingenieurs-de-lece\/#breadcrumb\"},\"inLanguage\":\"fr-FR\",\"potentialAction\":[{\"@type\":\"ReadAction\",\"target\":[\"https:\/\/novelis.io\/fr\/events\/forum-carrieres-novelis-part-a-la-rencontre-des-eleves-ingenieurs-de-lece\/\"]}]},{\"@type\":\"ImageObject\",\"inLanguage\":\"fr-FR\",\"@id\":\"https:\/\/novelis.io\/fr\/events\/forum-carrieres-novelis-part-a-la-rencontre-des-eleves-ingenieurs-de-lece\/#primaryimage\",\"url\":\"https:\/\/novelis.io\/wp-content\/uploads\/2021\/12\/event-forum-ece.jpg\",\"contentUrl\":\"https:\/\/novelis.io\/wp-content\/uploads\/2021\/12\/event-forum-ece.jpg\",\"width\":2480,\"height\":1655},{\"@type\":\"BreadcrumbList\",\"@id\":\"https:\/\/novelis.io\/fr\/events\/forum-carrieres-novelis-part-a-la-rencontre-des-eleves-ingenieurs-de-lece\/#breadcrumb\",\"itemListElement\":[{\"@type\":\"ListItem\",\"position\":1,\"name\":\"Accueil\",\"item\":\"https:\/\/novelis.io\/fr\/\"},{\"@type\":\"ListItem\",\"position\":2,\"name\":\"Forum Carri\u00e8res \u2013 Novelis part \u00e0 la rencontre des \u00e9l\u00e8ves ing\u00e9nieurs de l\u2019ECE\"}]},{\"@type\":\"WebSite\",\"@id\":\"https:\/\/novelis.io\/fr\/#website\",\"url\":\"https:\/\/novelis.io\/fr\/\",\"name\":\"Novelis innovation\",\"description\":\"Novelis innovation\",\"publisher\":{\"@id\":\"https:\/\/novelis.io\/fr\/#organization\"},\"potentialAction\":[{\"@type\":\"SearchAction\",\"target\":{\"@type\":\"EntryPoint\",\"urlTemplate\":\"https:\/\/novelis.io\/fr\/?s={search_term_string}\"},\"query-input\":{\"@type\":\"PropertyValueSpecification\",\"valueRequired\":true,\"valueName\":\"search_term_string\"}}],\"inLanguage\":\"fr-FR\"},{\"@type\":\"Organization\",\"@id\":\"https:\/\/novelis.io\/fr\/#organization\",\"name\":\"Novelis innovation\",\"url\":\"https:\/\/novelis.io\/fr\/\",\"logo\":{\"@type\":\"ImageObject\",\"inLanguage\":\"fr-FR\",\"@id\":\"https:\/\/novelis.io\/fr\/#\/schema\/logo\/image\/\",\"url\":\"https:\/\/novelis.io\/wp-content\/uploads\/2021\/12\/logo-1.png\",\"contentUrl\":\"https:\/\/novelis.io\/wp-content\/uploads\/2021\/12\/logo-1.png\",\"width\":479,\"height\":98,\"caption\":\"Novelis innovation\"},\"image\":{\"@id\":\"https:\/\/novelis.io\/fr\/#\/schema\/logo\/image\/\"},\"sameAs\":[\"https:\/\/www.facebook.com\/novelis.io\",\"https:\/\/x.com\/novelis_io\",\"https:\/\/www.linkedin.com\/company\/novelis-consulting\/\",\"https:\/\/www.youtube.com\/channel\/UCJ5eJR22n2GtfKaTWueWRPQ\"]}]}<\/script>\n<!-- \/ Yoast SEO plugin. -->","yoast_head_json":{"title":"Forum Carri\u00e8res \u2013 Novelis part \u00e0 la rencontre des \u00e9l\u00e8ves de l\u2019ECE","description":"Novelis participe \u00e0 la 8\u00e8me\u00a0\u00e9dition du Forum Carri\u00e8res de l\u2019\u00e9cole d\u2019ing\u00e9nieurs\u00a0ECE \u2013 Ecole Centrale d\u2019Electronique Paris \u2013 Lyon","robots":{"index":"index","follow":"follow","max-snippet":"max-snippet:-1","max-image-preview":"max-image-preview:large","max-video-preview":"max-video-preview:-1"},"canonical":"https:\/\/novelis.io\/fr\/events\/forum-carrieres-novelis-part-a-la-rencontre-des-eleves-ingenieurs-de-lece\/","og_locale":"fr_FR","og_type":"article","og_title":"Forum Carri\u00e8res \u2013 Novelis part \u00e0 la rencontre des \u00e9l\u00e8ves de l\u2019ECE","og_description":"Novelis participe \u00e0 la 8\u00e8me\u00a0\u00e9dition du Forum Carri\u00e8res de l\u2019\u00e9cole d\u2019ing\u00e9nieurs\u00a0ECE \u2013 Ecole Centrale d\u2019Electronique Paris \u2013 Lyon","og_url":"https:\/\/novelis.io\/fr\/events\/forum-carrieres-novelis-part-a-la-rencontre-des-eleves-ingenieurs-de-lece\/","og_site_name":"Novelis innovation","article_publisher":"https:\/\/www.facebook.com\/novelis.io","article_modified_time":"2022-02-25T10:05:25+00:00","og_image":[{"width":2480,"height":1655,"url":"https:\/\/novelis.io\/wp-content\/uploads\/2021\/12\/event-forum-ece.jpg","type":"image\/jpeg"}],"twitter_card":"summary_large_image","twitter_site":"@novelis_io","twitter_misc":{"Dur\u00e9e de lecture estim\u00e9e":"4 minutes"},"schema":{"@context":"https:\/\/schema.org","@graph":[{"@type":"WebPage","@id":"https:\/\/novelis.io\/fr\/events\/forum-carrieres-novelis-part-a-la-rencontre-des-eleves-ingenieurs-de-lece\/","url":"https:\/\/novelis.io\/fr\/events\/forum-carrieres-novelis-part-a-la-rencontre-des-eleves-ingenieurs-de-lece\/","name":"Forum Carri\u00e8res \u2013 Novelis part \u00e0 la rencontre des \u00e9l\u00e8ves de l\u2019ECE","isPartOf":{"@id":"https:\/\/novelis.io\/fr\/#website"},"primaryImageOfPage":{"@id":"https:\/\/novelis.io\/fr\/events\/forum-carrieres-novelis-part-a-la-rencontre-des-eleves-ingenieurs-de-lece\/#primaryimage"},"image":{"@id":"https:\/\/novelis.io\/fr\/events\/forum-carrieres-novelis-part-a-la-rencontre-des-eleves-ingenieurs-de-lece\/#primaryimage"},"thumbnailUrl":"https:\/\/novelis.io\/wp-content\/uploads\/2021\/12\/event-forum-ece.jpg","datePublished":"2021-12-16T11:27:53+00:00","dateModified":"2022-02-25T10:05:25+00:00","description":"Novelis participe \u00e0 la 8\u00e8me\u00a0\u00e9dition du Forum Carri\u00e8res de l\u2019\u00e9cole d\u2019ing\u00e9nieurs\u00a0ECE \u2013 Ecole Centrale d\u2019Electronique Paris \u2013 Lyon","breadcrumb":{"@id":"https:\/\/novelis.io\/fr\/events\/forum-carrieres-novelis-part-a-la-rencontre-des-eleves-ingenieurs-de-lece\/#breadcrumb"},"inLanguage":"fr-FR","potentialAction":[{"@type":"ReadAction","target":["https:\/\/novelis.io\/fr\/events\/forum-carrieres-novelis-part-a-la-rencontre-des-eleves-ingenieurs-de-lece\/"]}]},{"@type":"ImageObject","inLanguage":"fr-FR","@id":"https:\/\/novelis.io\/fr\/events\/forum-carrieres-novelis-part-a-la-rencontre-des-eleves-ingenieurs-de-lece\/#primaryimage","url":"https:\/\/novelis.io\/wp-content\/uploads\/2021\/12\/event-forum-ece.jpg","contentUrl":"https:\/\/novelis.io\/wp-content\/uploads\/2021\/12\/event-forum-ece.jpg","width":2480,"height":1655},{"@type":"BreadcrumbList","@id":"https:\/\/novelis.io\/fr\/events\/forum-carrieres-novelis-part-a-la-rencontre-des-eleves-ingenieurs-de-lece\/#breadcrumb","itemListElement":[{"@type":"ListItem","position":1,"name":"Accueil","item":"https:\/\/novelis.io\/fr\/"},{"@type":"ListItem","position":2,"name":"Forum Carri\u00e8res \u2013 Novelis part \u00e0 la rencontre des \u00e9l\u00e8ves ing\u00e9nieurs de l\u2019ECE"}]},{"@type":"WebSite","@id":"https:\/\/novelis.io\/fr\/#website","url":"https:\/\/novelis.io\/fr\/","name":"Novelis innovation","description":"Novelis innovation","publisher":{"@id":"https:\/\/novelis.io\/fr\/#organization"},"potentialAction":[{"@type":"SearchAction","target":{"@type":"EntryPoint","urlTemplate":"https:\/\/novelis.io\/fr\/?s={search_term_string}"},"query-input":{"@type":"PropertyValueSpecification","valueRequired":true,"valueName":"search_term_string"}}],"inLanguage":"fr-FR"},{"@type":"Organization","@id":"https:\/\/novelis.io\/fr\/#organization","name":"Novelis innovation","url":"https:\/\/novelis.io\/fr\/","logo":{"@type":"ImageObject","inLanguage":"fr-FR","@id":"https:\/\/novelis.io\/fr\/#\/schema\/logo\/image\/","url":"https:\/\/novelis.io\/wp-content\/uploads\/2021\/12\/logo-1.png","contentUrl":"https:\/\/novelis.io\/wp-content\/uploads\/2021\/12\/logo-1.png","width":479,"height":98,"caption":"Novelis innovation"},"image":{"@id":"https:\/\/novelis.io\/fr\/#\/schema\/logo\/image\/"},"sameAs":["https:\/\/www.facebook.com\/novelis.io","https:\/\/x.com\/novelis_io","https:\/\/www.linkedin.com\/company\/novelis-consulting\/","https:\/\/www.youtube.com\/channel\/UCJ5eJR22n2GtfKaTWueWRPQ"]}]}},"_links":{"self":[{"href":"https:\/\/novelis.io\/fr\/wp-json\/wp\/v2\/events\/3365"}],"collection":[{"href":"https:\/\/novelis.io\/fr\/wp-json\/wp\/v2\/events"}],"about":[{"href":"https:\/\/novelis.io\/fr\/wp-json\/wp\/v2\/types\/events"}],"wp:featuredmedia":[{"embeddable":true,"href":"https:\/\/novelis.io\/fr\/wp-json\/wp\/v2\/media\/2146"}],"wp:attachment":[{"href":"https:\/\/novelis.io\/fr\/wp-json\/wp\/v2\/media?parent=3365"}],"wp:term":[{"taxonomy":"category","embeddable":true,"href":"https:\/\/novelis.io\/fr\/wp-json\/wp\/v2\/categories?post=3365"},{"taxonomy":"custom_tag","embeddable":true,"href":"https:\/\/novelis.io\/fr\/wp-json\/wp\/v2\/custom_tag?post=3365"}],"curies":[{"name":"wp","href":"https:\/\/api.w.org\/{rel}","templated":true}]}}