
{"id":5820,"date":"2022-09-13T09:43:50","date_gmt":"2022-09-13T09:43:50","guid":{"rendered":"https:\/\/novelis.io\/?post_type=events&#038;p=5820"},"modified":"2023-09-05T15:19:16","modified_gmt":"2023-09-05T15:19:16","slug":"webinar-quel-dispositif-mettre-en-place-pour-securiser-mon-organisation","status":"publish","type":"events","link":"https:\/\/novelis.io\/fr\/events\/webinar-quel-dispositif-mettre-en-place-pour-securiser-mon-organisation\/","title":{"rendered":"[Webinar] Quel dispositif mettre en place pour s\u00e9curiser mon organisation ?"},"content":{"rendered":"\n<p>Le syst\u00e8me d\u2019information est devenu le centre n\u00e9vralgique d\u2019un grand nombre d\u2019organisations et sa s\u00e9curisation n\u2019est aujourd\u2019hui plus une option face \u00e0 la recrudescence des cyber menaces. En France 9 entreprises sur 10 ont d\u00e9j\u00e0 \u00e9t\u00e9 touch\u00e9es par un acte de cyber malveillance et 43% d\u2019entre elles sont des PME. Pour autant seulement 17% des PME sont prot\u00e9g\u00e9es contre les <a href=\"https:\/\/www.cyberocc.com\/sinformer\/quelques-chiffres\/#:~:text=9%20fran%C3%A7ais%20sur%2010%20ont,d%C3%A9passeront%201000%20milliards%20%24%20en%202021.\" target=\"_blank\" rel=\"noopener\">cyberattaques<\/a>\u2026 Les enjeux et risques encourus sont cependant nombreux et peuvent engendrer des cons\u00e9quences irr\u00e9versibles pour les organisations :&nbsp;<\/p>\n\n\n\n<ul class=\"wp-block-list\">\n<li>Risques financiers : Perte de CA, arr\u00eat activit\u00e9, amende, frais techniques ou juridiques, augmentations primes d\u2019assurances\u2026.&nbsp;&nbsp;<\/li>\n\n\n\n<li>Image : D\u00e9t\u00e9rioration de l\u2019image de marque, d\u00e9ficit de notori\u00e9t\u00e9, perte de confiance des clients, partenaires et fournisseurs.&nbsp;&nbsp;<\/li>\n\n\n\n<li>Humains : Stress des \u00e9quipes, traumatisme ou burn-out, stress immense, ch\u00f4mage technique, plans de licenciements\u2026&nbsp;&nbsp;<\/li>\n\n\n\n<li>Immat\u00e9riels : Perte de propri\u00e9t\u00e9 intellectuelle, vol R&amp;D ou clients, perte d\u2019un avantage concurrentiel\u2026&nbsp;&nbsp;<\/li>\n<\/ul>\n\n\n\n<p>Ce fut le cas notamment pour une compagnie d\u2019assurances de sant\u00e9 qui s\u2019\u00e9tait fait pirater et voler des donn\u00e9es personnelles : elle r\u00e9v\u00e9lait avoir d\u2019\u00e9normes r\u00e9percussions financi\u00e8res jusqu\u2019\u00e0 5 ans apr\u00e8s l\u2019attaque, dues \u00e0 l\u2019absence de signatures de nouveaux contrats.&nbsp;<\/p>\n\n\n\n<p>Vous l\u2019aurez compris, la mise en place d\u2019une strat\u00e9gie cybers\u00e9curit\u00e9 est devenue une priorit\u00e9 pour toutes les organisations et ce quelle que soit leur taille\u202f! Mais par o\u00f9 commencer\u202f? Quelle strat\u00e9gie adopter\u202f? Quelles comp\u00e9tences sont n\u00e9cessaires\u202f? Quel budget pr\u00e9voir\u202f? Comment assurer une s\u00e9curit\u00e9 durable de son SI\u202f?&nbsp;<\/p>\n\n\n\n<p>Se pr\u00e9munir des risques cyber n\u2019est pas toujours synonyme de co\u00fbts importants et des actions simples peuvent d\u00e9j\u00e0 r\u00e9duire significativement votre exposition.&nbsp;<\/p>\n\n\n\n<p>Lors de ce webinar d\u00e9couvrez notamment :&nbsp;&nbsp;<\/p>\n\n\n\n<ul class=\"wp-block-list\">\n<li>Une d\u00e9marche cyber s\u00e9curit\u00e9 \u00e0 suivre \u00e9tape par \u00e9tape&nbsp;&nbsp;<\/li>\n\n\n\n<li>SI\u202f: ce qu\u2019il faut prot\u00e9ger en priorit\u00e9&nbsp;&nbsp;<\/li>\n\n\n\n<li>Un exemple concret de d\u00e9marche de s\u00e9curisation d\u2019un SI par palier&nbsp;<\/li>\n<\/ul>\n\n\n\n<p>Cette session sera anim\u00e9e par notre expert Oussama Hamdi, Consultant Cyber Security &amp; Auditeur chez Novelis.&nbsp;<\/p>\n\n\n\n<p>Ce webinar est le 2<sup>\u00e8me<\/sup> opus de notre s\u00e9rie de webinars consacr\u00e9s \u00e0 la cybers\u00e9curit\u00e9. Pour voir le replay de l&rsquo;\u00e9pisode 1, <a href=\"https:\/\/novelis.io\/fr\/events\/webinar-comment-evaluer-et-se-premunir-des-risques-cyber\/\">consultez notre page d\u00e9di\u00e9e<\/a>. <\/p>\n","protected":false},"featured_media":5874,"template":"","categories":[26],"custom_tag":[299],"class_list":["post-5820","events","type-events","status-publish","has-post-thumbnail","hentry","category-evenement","custom_tag-cybersecurite"],"acf":{"externel_link":"","subtitle":"","summary":"Le syst\u00e8me d\u2019information est devenu le centre n\u00e9vralgique d\u2019un grand nombre d\u2019organisations et sa s\u00e9curisation n\u2019est aujourd\u2019hui plus une option face \u00e0 la recrudescence des cyber menaces. En France 9 entreprises sur 10 ont d\u00e9j\u00e0 \u00e9t\u00e9 touch\u00e9es par un acte de cyber malveillance et 43% d\u2019entre elles sont des PME. Pour autant seulement 17% des PME sont prot\u00e9g\u00e9es contre les cyberattaques\u2026 Les enjeux et risques encourus sont cependant nombreux et peuvent engendrer des cons\u00e9quences irr\u00e9versibles pour les organisations. Vous l\u2019aurez compris, la mise en place d\u2019une strat\u00e9gie cybers\u00e9curit\u00e9 est devenue une priorit\u00e9 pour toutes les organisations et ce quelle que soit leur taille\u202f! Mais par o\u00f9 commencer\u202f? Quelle strat\u00e9gie adopter\u202f? Quelles comp\u00e9tences sont n\u00e9cessaires\u202f? Quel budget pr\u00e9voir\u202f? Comment assurer une s\u00e9curit\u00e9 durable de son SI\u202f? Nous vous proposons de r\u00e9pondre \u00e0 ces questions lors de notre webinar, le jeudi 29 septembre \u00e0 11h30.","dates":{"start":"09\/29\/2022 - 11:30","end":"","fuseaux_horaires":"Europe\/Paris"},"show_inscription_form":false,"online":true,"link":"","response_email":{"email_subject":"Confirmation d'inscription [Webinar Novelis] Quel dispositif mettre en place pour s\u00e9curiser mon organisation ?","email_body":"Votre inscription au [Webinar] Quel dispositif mettre en place pour s\u00e9curiser mon organisation ? - Jeudi 29 septembre 2022 \u00e0 11h30 - a bien \u00e9t\u00e9 prise en compte et nous vous en remercions. Nous reviendrons vers vous quelques jours avant l'\u00e9v\u00e9nement pour vous communiquer le lien de la conf\u00e9rence Microsoft Teams."},"logo":2141,"replay":"https:\/\/youtu.be\/GqXQvDLkIbQ","replay_thumbnail":false,"speakers":{"name":[{"ID":5371,"post_author":"4","post_date":"2022-05-27 13:15:10","post_date_gmt":"2022-05-27 13:15:10","post_content":"","post_title":"Oussama Hamdi","post_excerpt":"","post_status":"publish","comment_status":"closed","ping_status":"closed","post_password":"","post_name":"oussama-hamdi","to_ping":"","pinged":"","post_modified":"2023-09-13 12:26:16","post_modified_gmt":"2023-09-13 12:26:16","post_content_filtered":"","post_parent":0,"guid":"https:\/\/novelis.io\/?post_type=collaborators&#038;p=5371","menu_order":15,"post_type":"collaborators","post_mime_type":"","comment_count":"0","filter":"raw"}],"descriptions":""},"submit_form_to_view_the_replay":false},"yoast_head":"<!-- This site is optimized with the Yoast SEO plugin v25.6 - https:\/\/yoast.com\/wordpress\/plugins\/seo\/ -->\n<title>Webinar cybers\u00e9curit\u00e9 : Comment s\u00e9curiser mon organisation ?<\/title>\n<meta name=\"description\" content=\"Quelle strat\u00e9gie ? Quelles comp\u00e9tences ? Quel budget ? Nous r\u00e9pondons \u00e0 ces questions lors de notre webinar autour de la cybers\u00e9curit\u00e9.\" \/>\n<meta name=\"robots\" content=\"index, follow, max-snippet:-1, max-image-preview:large, max-video-preview:-1\" \/>\n<link rel=\"canonical\" href=\"https:\/\/novelis.io\/fr\/events\/webinar-quel-dispositif-mettre-en-place-pour-securiser-mon-organisation\/\" \/>\n<meta property=\"og:locale\" content=\"fr_FR\" \/>\n<meta property=\"og:type\" content=\"article\" \/>\n<meta property=\"og:title\" content=\"Webinar cybers\u00e9curit\u00e9 : Comment s\u00e9curiser mon organisation ?\" \/>\n<meta property=\"og:description\" content=\"Quelle strat\u00e9gie ? Quelles comp\u00e9tences ? Quel budget ? Nous r\u00e9pondons \u00e0 ces questions lors de notre webinar autour de la cybers\u00e9curit\u00e9.\" \/>\n<meta property=\"og:url\" content=\"https:\/\/novelis.io\/fr\/events\/webinar-quel-dispositif-mettre-en-place-pour-securiser-mon-organisation\/\" \/>\n<meta property=\"og:site_name\" content=\"Novelis innovation\" \/>\n<meta property=\"article:publisher\" content=\"https:\/\/www.facebook.com\/novelis.io\" \/>\n<meta property=\"article:modified_time\" content=\"2023-09-05T15:19:16+00:00\" \/>\n<meta property=\"og:image\" content=\"https:\/\/novelis.io\/wp-content\/uploads\/2022\/09\/Taille-banniere-site-Blog-27.jpg\" \/>\n\t<meta property=\"og:image:width\" content=\"1200\" \/>\n\t<meta property=\"og:image:height\" content=\"628\" \/>\n\t<meta property=\"og:image:type\" content=\"image\/jpeg\" \/>\n<meta name=\"twitter:card\" content=\"summary_large_image\" \/>\n<meta name=\"twitter:site\" content=\"@novelis_io\" \/>\n<meta name=\"twitter:label1\" content=\"Dur\u00e9e de lecture estim\u00e9e\" \/>\n\t<meta name=\"twitter:data1\" content=\"2 minutes\" \/>\n<script type=\"application\/ld+json\" class=\"yoast-schema-graph\">{\"@context\":\"https:\/\/schema.org\",\"@graph\":[{\"@type\":\"WebPage\",\"@id\":\"https:\/\/novelis.io\/fr\/events\/webinar-quel-dispositif-mettre-en-place-pour-securiser-mon-organisation\/\",\"url\":\"https:\/\/novelis.io\/fr\/events\/webinar-quel-dispositif-mettre-en-place-pour-securiser-mon-organisation\/\",\"name\":\"Webinar cybers\u00e9curit\u00e9 : Comment s\u00e9curiser mon organisation ?\",\"isPartOf\":{\"@id\":\"https:\/\/novelis.io\/fr\/#website\"},\"primaryImageOfPage\":{\"@id\":\"https:\/\/novelis.io\/fr\/events\/webinar-quel-dispositif-mettre-en-place-pour-securiser-mon-organisation\/#primaryimage\"},\"image\":{\"@id\":\"https:\/\/novelis.io\/fr\/events\/webinar-quel-dispositif-mettre-en-place-pour-securiser-mon-organisation\/#primaryimage\"},\"thumbnailUrl\":\"https:\/\/novelis.io\/wp-content\/uploads\/2022\/09\/Taille-banniere-site-Blog-27.jpg\",\"datePublished\":\"2022-09-13T09:43:50+00:00\",\"dateModified\":\"2023-09-05T15:19:16+00:00\",\"description\":\"Quelle strat\u00e9gie ? Quelles comp\u00e9tences ? Quel budget ? Nous r\u00e9pondons \u00e0 ces questions lors de notre webinar autour de la cybers\u00e9curit\u00e9.\",\"breadcrumb\":{\"@id\":\"https:\/\/novelis.io\/fr\/events\/webinar-quel-dispositif-mettre-en-place-pour-securiser-mon-organisation\/#breadcrumb\"},\"inLanguage\":\"fr-FR\",\"potentialAction\":[{\"@type\":\"ReadAction\",\"target\":[\"https:\/\/novelis.io\/fr\/events\/webinar-quel-dispositif-mettre-en-place-pour-securiser-mon-organisation\/\"]}]},{\"@type\":\"ImageObject\",\"inLanguage\":\"fr-FR\",\"@id\":\"https:\/\/novelis.io\/fr\/events\/webinar-quel-dispositif-mettre-en-place-pour-securiser-mon-organisation\/#primaryimage\",\"url\":\"https:\/\/novelis.io\/wp-content\/uploads\/2022\/09\/Taille-banniere-site-Blog-27.jpg\",\"contentUrl\":\"https:\/\/novelis.io\/wp-content\/uploads\/2022\/09\/Taille-banniere-site-Blog-27.jpg\",\"width\":1200,\"height\":628,\"caption\":\"webinar cybers\u00e9curit\u00e9 \u00e9pisode 2\"},{\"@type\":\"BreadcrumbList\",\"@id\":\"https:\/\/novelis.io\/fr\/events\/webinar-quel-dispositif-mettre-en-place-pour-securiser-mon-organisation\/#breadcrumb\",\"itemListElement\":[{\"@type\":\"ListItem\",\"position\":1,\"name\":\"Accueil\",\"item\":\"https:\/\/novelis.io\/fr\/\"},{\"@type\":\"ListItem\",\"position\":2,\"name\":\"[Webinar] Quel dispositif mettre en place pour s\u00e9curiser mon organisation ?\"}]},{\"@type\":\"WebSite\",\"@id\":\"https:\/\/novelis.io\/fr\/#website\",\"url\":\"https:\/\/novelis.io\/fr\/\",\"name\":\"Novelis innovation\",\"description\":\"Novelis innovation\",\"publisher\":{\"@id\":\"https:\/\/novelis.io\/fr\/#organization\"},\"potentialAction\":[{\"@type\":\"SearchAction\",\"target\":{\"@type\":\"EntryPoint\",\"urlTemplate\":\"https:\/\/novelis.io\/fr\/?s={search_term_string}\"},\"query-input\":{\"@type\":\"PropertyValueSpecification\",\"valueRequired\":true,\"valueName\":\"search_term_string\"}}],\"inLanguage\":\"fr-FR\"},{\"@type\":\"Organization\",\"@id\":\"https:\/\/novelis.io\/fr\/#organization\",\"name\":\"Novelis innovation\",\"url\":\"https:\/\/novelis.io\/fr\/\",\"logo\":{\"@type\":\"ImageObject\",\"inLanguage\":\"fr-FR\",\"@id\":\"https:\/\/novelis.io\/fr\/#\/schema\/logo\/image\/\",\"url\":\"https:\/\/novelis.io\/wp-content\/uploads\/2021\/12\/logo-1.png\",\"contentUrl\":\"https:\/\/novelis.io\/wp-content\/uploads\/2021\/12\/logo-1.png\",\"width\":479,\"height\":98,\"caption\":\"Novelis innovation\"},\"image\":{\"@id\":\"https:\/\/novelis.io\/fr\/#\/schema\/logo\/image\/\"},\"sameAs\":[\"https:\/\/www.facebook.com\/novelis.io\",\"https:\/\/x.com\/novelis_io\",\"https:\/\/www.linkedin.com\/company\/novelis-consulting\/\",\"https:\/\/www.youtube.com\/channel\/UCJ5eJR22n2GtfKaTWueWRPQ\"]}]}<\/script>\n<!-- \/ Yoast SEO plugin. -->","yoast_head_json":{"title":"Webinar cybers\u00e9curit\u00e9 : Comment s\u00e9curiser mon organisation ?","description":"Quelle strat\u00e9gie ? Quelles comp\u00e9tences ? Quel budget ? Nous r\u00e9pondons \u00e0 ces questions lors de notre webinar autour de la cybers\u00e9curit\u00e9.","robots":{"index":"index","follow":"follow","max-snippet":"max-snippet:-1","max-image-preview":"max-image-preview:large","max-video-preview":"max-video-preview:-1"},"canonical":"https:\/\/novelis.io\/fr\/events\/webinar-quel-dispositif-mettre-en-place-pour-securiser-mon-organisation\/","og_locale":"fr_FR","og_type":"article","og_title":"Webinar cybers\u00e9curit\u00e9 : Comment s\u00e9curiser mon organisation ?","og_description":"Quelle strat\u00e9gie ? Quelles comp\u00e9tences ? Quel budget ? Nous r\u00e9pondons \u00e0 ces questions lors de notre webinar autour de la cybers\u00e9curit\u00e9.","og_url":"https:\/\/novelis.io\/fr\/events\/webinar-quel-dispositif-mettre-en-place-pour-securiser-mon-organisation\/","og_site_name":"Novelis innovation","article_publisher":"https:\/\/www.facebook.com\/novelis.io","article_modified_time":"2023-09-05T15:19:16+00:00","og_image":[{"width":1200,"height":628,"url":"https:\/\/novelis.io\/wp-content\/uploads\/2022\/09\/Taille-banniere-site-Blog-27.jpg","type":"image\/jpeg"}],"twitter_card":"summary_large_image","twitter_site":"@novelis_io","twitter_misc":{"Dur\u00e9e de lecture estim\u00e9e":"2 minutes"},"schema":{"@context":"https:\/\/schema.org","@graph":[{"@type":"WebPage","@id":"https:\/\/novelis.io\/fr\/events\/webinar-quel-dispositif-mettre-en-place-pour-securiser-mon-organisation\/","url":"https:\/\/novelis.io\/fr\/events\/webinar-quel-dispositif-mettre-en-place-pour-securiser-mon-organisation\/","name":"Webinar cybers\u00e9curit\u00e9 : Comment s\u00e9curiser mon organisation ?","isPartOf":{"@id":"https:\/\/novelis.io\/fr\/#website"},"primaryImageOfPage":{"@id":"https:\/\/novelis.io\/fr\/events\/webinar-quel-dispositif-mettre-en-place-pour-securiser-mon-organisation\/#primaryimage"},"image":{"@id":"https:\/\/novelis.io\/fr\/events\/webinar-quel-dispositif-mettre-en-place-pour-securiser-mon-organisation\/#primaryimage"},"thumbnailUrl":"https:\/\/novelis.io\/wp-content\/uploads\/2022\/09\/Taille-banniere-site-Blog-27.jpg","datePublished":"2022-09-13T09:43:50+00:00","dateModified":"2023-09-05T15:19:16+00:00","description":"Quelle strat\u00e9gie ? Quelles comp\u00e9tences ? Quel budget ? Nous r\u00e9pondons \u00e0 ces questions lors de notre webinar autour de la cybers\u00e9curit\u00e9.","breadcrumb":{"@id":"https:\/\/novelis.io\/fr\/events\/webinar-quel-dispositif-mettre-en-place-pour-securiser-mon-organisation\/#breadcrumb"},"inLanguage":"fr-FR","potentialAction":[{"@type":"ReadAction","target":["https:\/\/novelis.io\/fr\/events\/webinar-quel-dispositif-mettre-en-place-pour-securiser-mon-organisation\/"]}]},{"@type":"ImageObject","inLanguage":"fr-FR","@id":"https:\/\/novelis.io\/fr\/events\/webinar-quel-dispositif-mettre-en-place-pour-securiser-mon-organisation\/#primaryimage","url":"https:\/\/novelis.io\/wp-content\/uploads\/2022\/09\/Taille-banniere-site-Blog-27.jpg","contentUrl":"https:\/\/novelis.io\/wp-content\/uploads\/2022\/09\/Taille-banniere-site-Blog-27.jpg","width":1200,"height":628,"caption":"webinar cybers\u00e9curit\u00e9 \u00e9pisode 2"},{"@type":"BreadcrumbList","@id":"https:\/\/novelis.io\/fr\/events\/webinar-quel-dispositif-mettre-en-place-pour-securiser-mon-organisation\/#breadcrumb","itemListElement":[{"@type":"ListItem","position":1,"name":"Accueil","item":"https:\/\/novelis.io\/fr\/"},{"@type":"ListItem","position":2,"name":"[Webinar] Quel dispositif mettre en place pour s\u00e9curiser mon organisation ?"}]},{"@type":"WebSite","@id":"https:\/\/novelis.io\/fr\/#website","url":"https:\/\/novelis.io\/fr\/","name":"Novelis innovation","description":"Novelis innovation","publisher":{"@id":"https:\/\/novelis.io\/fr\/#organization"},"potentialAction":[{"@type":"SearchAction","target":{"@type":"EntryPoint","urlTemplate":"https:\/\/novelis.io\/fr\/?s={search_term_string}"},"query-input":{"@type":"PropertyValueSpecification","valueRequired":true,"valueName":"search_term_string"}}],"inLanguage":"fr-FR"},{"@type":"Organization","@id":"https:\/\/novelis.io\/fr\/#organization","name":"Novelis innovation","url":"https:\/\/novelis.io\/fr\/","logo":{"@type":"ImageObject","inLanguage":"fr-FR","@id":"https:\/\/novelis.io\/fr\/#\/schema\/logo\/image\/","url":"https:\/\/novelis.io\/wp-content\/uploads\/2021\/12\/logo-1.png","contentUrl":"https:\/\/novelis.io\/wp-content\/uploads\/2021\/12\/logo-1.png","width":479,"height":98,"caption":"Novelis innovation"},"image":{"@id":"https:\/\/novelis.io\/fr\/#\/schema\/logo\/image\/"},"sameAs":["https:\/\/www.facebook.com\/novelis.io","https:\/\/x.com\/novelis_io","https:\/\/www.linkedin.com\/company\/novelis-consulting\/","https:\/\/www.youtube.com\/channel\/UCJ5eJR22n2GtfKaTWueWRPQ"]}]}},"_links":{"self":[{"href":"https:\/\/novelis.io\/fr\/wp-json\/wp\/v2\/events\/5820"}],"collection":[{"href":"https:\/\/novelis.io\/fr\/wp-json\/wp\/v2\/events"}],"about":[{"href":"https:\/\/novelis.io\/fr\/wp-json\/wp\/v2\/types\/events"}],"wp:featuredmedia":[{"embeddable":true,"href":"https:\/\/novelis.io\/fr\/wp-json\/wp\/v2\/media\/5874"}],"wp:attachment":[{"href":"https:\/\/novelis.io\/fr\/wp-json\/wp\/v2\/media?parent=5820"}],"wp:term":[{"taxonomy":"category","embeddable":true,"href":"https:\/\/novelis.io\/fr\/wp-json\/wp\/v2\/categories?post=5820"},{"taxonomy":"custom_tag","embeddable":true,"href":"https:\/\/novelis.io\/fr\/wp-json\/wp\/v2\/custom_tag?post=5820"}],"curies":[{"name":"wp","href":"https:\/\/api.w.org\/{rel}","templated":true}]}}